{"id":552,"date":"2026-08-24T16:55:00","date_gmt":"2026-08-24T16:55:00","guid":{"rendered":"http:\/\/testumgebung.tca.studio-schnickschnack.de\/startseite\/?page_id=552"},"modified":"2026-09-03T23:09:00","modified_gmt":"2026-09-03T23:09:00","slug":"vordaecher-ueberdachungen","status":"publish","type":"page","link":"https:\/\/testumgebung.tca.studio-schnickschnack.de\/startseite\/vordaecher-ueberdachungen","title":{"rendered":"Vord\u00e4cher &amp; \u00dcberdachungen"},"content":{"rendered":"\t\t<div data-elementor-type=\"wp-page\" data-elementor-id=\"552\" class=\"elementor elementor-552\" data-elementor-post-type=\"page\">\n\t\t\t\t<div class=\"elementor-element elementor-element-e33d15a e-con-full e-flex elementor-invisible e-con e-parent\" data-id=\"e33d15a\" data-element_type=\"container\" data-e-type=\"container\" data-settings=\"{&quot;background_background&quot;:&quot;classic&quot;,&quot;animation&quot;:&quot;fadeInDown&quot;}\">\n\t\t<div class=\"elementor-element elementor-element-a1aacab e-flex e-con-boxed elementor-invisible e-con e-child\" data-id=\"a1aacab\" data-element_type=\"container\" data-e-type=\"container\" data-settings=\"{&quot;animation&quot;:&quot;fadeInDown&quot;}\">\n\t\t\t\t\t<div class=\"e-con-inner\">\n\t\t\t\t<div class=\"elementor-element elementor-element-ebc77cb elementor-widget__width-initial animated-fast elementor-invisible elementor-widget elementor-widget-heading\" data-id=\"ebc77cb\" data-element_type=\"widget\" data-e-type=\"widget\" data-settings=\"{&quot;_animation&quot;:&quot;fadeInDown&quot;,&quot;_animation_delay&quot;:100,&quot;_animation_mobile&quot;:&quot;fadeInLeft&quot;}\" data-widget_type=\"heading.default\">\n\t\t\t\t<div class=\"elementor-widget-container\">\n\t\t\t\t\t<h2 class=\"elementor-heading-title elementor-size-default\">Vord\u00e4cher &amp; \u00fcberdachungen<\/h2>\t\t\t\t<\/div>\n\t\t\t\t<\/div>\n\t\t\t\t<div class=\"elementor-element elementor-element-a8742af elementor-widget__width-initial animated-fast elementor-invisible elementor-widget elementor-widget-text-editor\" data-id=\"a8742af\" data-element_type=\"widget\" data-e-type=\"widget\" data-settings=\"{&quot;_animation&quot;:&quot;fadeInDown&quot;,&quot;_animation_delay&quot;:200,&quot;_animation_mobile&quot;:&quot;fadeInLeft&quot;}\" data-widget_type=\"text-editor.default\">\n\t\t\t\t<div class=\"elementor-widget-container\">\n\t\t\t\t\t\t\t\t\t<p>Eine gute \u00dcberdachung sch\u00fctzt vor Wind und Wetter und kann gleichzeitig zum gestalterischen Element Ihres Geb\u00e4udes werden.<\/p><p>Ob Terrasse, Hauseingang, Sitzplatz oder Parkbereich: Mit einer individuell geplanten Konstruktion aus Metall schaffen Sie zus\u00e4tzlichen Wetterschutz und setzen einen passenden Akzent.<\/p>\t\t\t\t\t\t\t\t<\/div>\n\t\t\t\t<\/div>\n\t\t\t\t\t<\/div>\n\t\t\t\t<\/div>\n\t\t\t\t<\/div>\n\t\t<div class=\"elementor-element elementor-element-da1dd8b e-flex e-con-boxed e-con e-parent\" data-id=\"da1dd8b\" data-element_type=\"container\" data-e-type=\"container\">\n\t\t\t\t\t<div class=\"e-con-inner\">\n\t\t<div class=\"elementor-element elementor-element-061d39d e-con-full e-flex e-con e-child\" data-id=\"061d39d\" data-element_type=\"container\" data-e-type=\"container\">\n\t\t\t\t<div class=\"elementor-element elementor-element-afcb969 elementor-hidden-mobile elementor-invisible elementor-widget elementor-widget-heading\" data-id=\"afcb969\" data-element_type=\"widget\" data-e-type=\"widget\" data-settings=\"{&quot;_animation&quot;:&quot;fadeInLeft&quot;,&quot;_animation_tablet&quot;:&quot;fadeInLeft&quot;}\" data-widget_type=\"heading.default\">\n\t\t\t\t<div class=\"elementor-widget-container\">\n\t\t\t\t\t<h2 class=\"elementor-heading-title elementor-size-default\">Terrassen\u00fcberdachungen<\/h2>\t\t\t\t<\/div>\n\t\t\t\t<\/div>\n\t\t\t\t<div class=\"elementor-element elementor-element-2f0b3be elementor-hidden-desktop elementor-hidden-tablet elementor-invisible elementor-widget elementor-widget-heading\" data-id=\"2f0b3be\" data-element_type=\"widget\" data-e-type=\"widget\" data-settings=\"{&quot;_animation&quot;:&quot;fadeInLeft&quot;,&quot;_animation_mobile&quot;:&quot;fadeInRight&quot;}\" data-widget_type=\"heading.default\">\n\t\t\t\t<div class=\"elementor-widget-container\">\n\t\t\t\t\t<h2 class=\"elementor-heading-title elementor-size-default\">Terrassen-\u00fcberdachungen<\/h2>\t\t\t\t<\/div>\n\t\t\t\t<\/div>\n\t\t\t\t<div class=\"elementor-element elementor-element-af5ec41 elementor-invisible elementor-widget elementor-widget-text-editor\" data-id=\"af5ec41\" data-element_type=\"widget\" data-e-type=\"widget\" data-settings=\"{&quot;_animation&quot;:&quot;fadeInLeft&quot;,&quot;_animation_delay&quot;:0,&quot;_animation_tablet&quot;:&quot;fadeInLeft&quot;,&quot;_animation_mobile&quot;:&quot;fadeInRight&quot;}\" data-widget_type=\"text-editor.default\">\n\t\t\t\t<div class=\"elementor-widget-container\">\n\t\t\t\t\t\t\t\t\t<p>Unsere Terrassen\u00fcberdachungen werden individuell aus verschiedenen Stahlprofilen gefertigt, sie kann frei gestaltet und an Ihre baulichen Gegebenheiten angepasst werden.<\/p><p>F\u00fcr die Eindeckung kommt unter anderem auch Glas zum Einsatz, sodass auch seitliche Glaselemente m\u00f6glich sind. Diese machen aus der \u00dcberdachung einen gesch\u00fctzten Bereich, der dennoch offen und hell bleibt.<\/p><p>Unsere Stahlkonstruktionen werden feuerverzinkt und k\u00f6nnen auf Wunsch zus\u00e4tzlich pulverbeschichtet werden, sodass die \u00dcberdachung auch farblich an Ihr Geb\u00e4ude angepasst werden kann.<\/p>\t\t\t\t\t\t\t\t<\/div>\n\t\t\t\t<\/div>\n\t\t\t\t<\/div>\n\t\t<div class=\"elementor-element elementor-element-fdb1c3b e-con-full e-flex elementor-invisible e-con e-child\" data-id=\"fdb1c3b\" data-element_type=\"container\" data-e-type=\"container\" data-settings=\"{&quot;background_background&quot;:&quot;classic&quot;,&quot;animation&quot;:&quot;fadeInRight&quot;,&quot;animation_tablet&quot;:&quot;fadeInRight&quot;,&quot;animation_mobile&quot;:&quot;fadeInLeft&quot;}\">\n\t\t\t\t<\/div>\n\t\t<div class=\"elementor-element elementor-element-07d37d3 e-con-full elementor-hidden-tablet elementor-hidden-mobile e-flex elementor-invisible e-con e-child\" data-id=\"07d37d3\" data-element_type=\"container\" data-e-type=\"container\" data-settings=\"{&quot;background_background&quot;:&quot;classic&quot;,&quot;animation&quot;:&quot;fadeInLeft&quot;}\">\n\t\t\t\t<\/div>\n\t\t<div class=\"elementor-element elementor-element-29c726f e-con-full e-flex e-con e-child\" data-id=\"29c726f\" data-element_type=\"container\" data-e-type=\"container\">\n\t\t\t\t<div class=\"elementor-element elementor-element-0095d1c elementor-invisible elementor-widget elementor-widget-heading\" data-id=\"0095d1c\" data-element_type=\"widget\" data-e-type=\"widget\" data-settings=\"{&quot;_animation&quot;:&quot;fadeInRight&quot;,&quot;_animation_tablet&quot;:&quot;fadeInLeft&quot;}\" data-widget_type=\"heading.default\">\n\t\t\t\t<div class=\"elementor-widget-container\">\n\t\t\t\t\t<h2 class=\"elementor-heading-title elementor-size-default\">Vord\u00e4cher<\/h2>\t\t\t\t<\/div>\n\t\t\t\t<\/div>\n\t\t\t\t<div class=\"elementor-element elementor-element-e6c0860 elementor-invisible elementor-widget elementor-widget-text-editor\" data-id=\"e6c0860\" data-element_type=\"widget\" data-e-type=\"widget\" data-settings=\"{&quot;_animation&quot;:&quot;fadeInRight&quot;,&quot;_animation_delay&quot;:0,&quot;_animation_tablet&quot;:&quot;fadeInLeft&quot;}\" data-widget_type=\"text-editor.default\">\n\t\t\t\t<div class=\"elementor-widget-container\">\n\t\t\t\t\t\t\t\t\t<p>Ein Vordach sch\u00fctzt den Eingangsbereich vor Regen und Wetter und sorgt gleichzeitig f\u00fcr einen klaren gestalterischen Abschluss. Je nach Geb\u00e4ude und Anforderung fertigen wir unterschiedliche L\u00f6sungen.<\/p><p>Dazu geh\u00f6ren unter anderem:<\/p>\t\t\t\t\t\t\t\t<\/div>\n\t\t\t\t<\/div>\n\t\t\t\t<div class=\"elementor-element elementor-element-bd41140 elementor-align-start elementor-icon-list--layout-traditional elementor-list-item-link-full_width elementor-invisible elementor-widget elementor-widget-icon-list\" data-id=\"bd41140\" data-element_type=\"widget\" data-e-type=\"widget\" data-settings=\"{&quot;_animation&quot;:&quot;fadeInRight&quot;,&quot;_animation_delay&quot;:0,&quot;_animation_tablet&quot;:&quot;fadeInLeft&quot;}\" data-widget_type=\"icon-list.default\">\n\t\t\t\t<div class=\"elementor-widget-container\">\n\t\t\t\t\t\t\t<ul class=\"elementor-icon-list-items\">\n\t\t\t\t\t\t\t<li class=\"elementor-icon-list-item\">\n\t\t\t\t\t\t\t\t\t\t\t<span class=\"elementor-icon-list-icon\">\n\t\t\t\t\t\t\t<i aria-hidden=\"true\" class=\"fas fa-circle\"><\/i>\t\t\t\t\t\t<\/span>\n\t\t\t\t\t\t\t\t\t\t<span class=\"elementor-icon-list-text\">Systemvord\u00e4cher als Glasvordach mit Edelstahlabspannungen und allgemeiner bauaufsichtlicher Zulassung (ABZ)<\/span>\n\t\t\t\t\t\t\t\t\t<\/li>\n\t\t\t\t\t\t\t\t<li class=\"elementor-icon-list-item\">\n\t\t\t\t\t\t\t\t\t\t\t<span class=\"elementor-icon-list-icon\">\n\t\t\t\t\t\t\t<i aria-hidden=\"true\" class=\"fas fa-circle\"><\/i>\t\t\t\t\t\t<\/span>\n\t\t\t\t\t\t\t\t\t\t<span class=\"elementor-icon-list-text\">Individuell geplante Vord\u00e4cher aus Stahl nach Architekten- oder Kundenwunsch<\/span>\n\t\t\t\t\t\t\t\t\t<\/li>\n\t\t\t\t\t\t\t\t<li class=\"elementor-icon-list-item\">\n\t\t\t\t\t\t\t\t\t\t\t<span class=\"elementor-icon-list-icon\">\n\t\t\t\t\t\t\t<i aria-hidden=\"true\" class=\"fas fa-circle\"><\/i>\t\t\t\t\t\t<\/span>\n\t\t\t\t\t\t\t\t\t\t<span class=\"elementor-icon-list-text\">Vord\u00e4cher mit Glas- oder Blecheindeckung<\/span>\n\t\t\t\t\t\t\t\t\t<\/li>\n\t\t\t\t\t\t<\/ul>\n\t\t\t\t\t\t<\/div>\n\t\t\t\t<\/div>\n\t\t\t\t<div class=\"elementor-element elementor-element-70fe323 elementor-invisible elementor-widget elementor-widget-text-editor\" data-id=\"70fe323\" data-element_type=\"widget\" data-e-type=\"widget\" data-settings=\"{&quot;_animation&quot;:&quot;fadeInRight&quot;,&quot;_animation_delay&quot;:0,&quot;_animation_tablet&quot;:&quot;fadeInLeft&quot;}\" data-widget_type=\"text-editor.default\">\n\t\t\t\t<div class=\"elementor-widget-container\">\n\t\t\t\t\t\t\t\t\t<p>F\u00fcr die Konstruktion stehen Edelstahl sowie feuerverzinkter Stahl zur Verf\u00fcgung. Eine zus\u00e4tzliche Pulverbeschichtung erm\u00f6glicht die individuelle Farbgestaltung von Stahlkonstruktionen.<\/p>\t\t\t\t\t\t\t\t<\/div>\n\t\t\t\t<\/div>\n\t\t\t\t<\/div>\n\t\t\t\t\t<\/div>\n\t\t\t\t<\/div>\n\t\t<div class=\"elementor-element elementor-element-314d79c e-flex e-con-boxed e-con e-parent\" data-id=\"314d79c\" data-element_type=\"container\" data-e-type=\"container\">\n\t\t\t\t\t<div class=\"e-con-inner\">\n\t\t<div class=\"elementor-element elementor-element-e25910b e-con-full e-flex elementor-invisible e-con e-child\" data-id=\"e25910b\" data-element_type=\"container\" data-e-type=\"container\" data-settings=\"{&quot;background_background&quot;:&quot;classic&quot;,&quot;animation&quot;:&quot;fadeInLeft&quot;,&quot;animation_mobile&quot;:&quot;fadeInLeft&quot;}\">\n\t\t\t\t<\/div>\n\t\t<div class=\"elementor-element elementor-element-9262ca8 e-con-full e-flex elementor-invisible e-con e-child\" data-id=\"9262ca8\" data-element_type=\"container\" data-e-type=\"container\" data-settings=\"{&quot;background_background&quot;:&quot;classic&quot;,&quot;animation&quot;:&quot;fadeInRight&quot;}\">\n\t\t\t\t<div class=\"elementor-element elementor-element-1009a3a elementor-widget__width-initial elementor-invisible elementor-widget elementor-widget-heading\" data-id=\"1009a3a\" data-element_type=\"widget\" data-e-type=\"widget\" data-settings=\"{&quot;_animation&quot;:&quot;fadeInRight&quot;,&quot;_animation_delay&quot;:100,&quot;_animation_mobile&quot;:&quot;fadeInLeft&quot;}\" data-widget_type=\"heading.default\">\n\t\t\t\t<div class=\"elementor-widget-container\">\n\t\t\t\t\t<h2 class=\"elementor-heading-title elementor-size-default\">Sie Wollen Ihre \nTerrasse \u00fcberdachen?<\/h2>\t\t\t\t<\/div>\n\t\t\t\t<\/div>\n\t\t\t\t<div class=\"elementor-element elementor-element-79986ea elementor-widget__width-initial elementor-invisible elementor-widget elementor-widget-text-editor\" data-id=\"79986ea\" data-element_type=\"widget\" data-e-type=\"widget\" data-settings=\"{&quot;_animation&quot;:&quot;fadeInRight&quot;,&quot;_animation_delay&quot;:0,&quot;_animation_mobile&quot;:&quot;fadeInRight&quot;}\" data-widget_type=\"text-editor.default\">\n\t\t\t\t<div class=\"elementor-widget-container\">\n\t\t\t\t\t\t\t\t\t<p>Ob moderne Terrassen\u00fcberdachung, individuelles Vordach oder eine L\u00f6sung f\u00fcr ein besonderes Bauvorhaben: Wir beraten Sie gerne und schauen uns die Gegebenheiten auf Wunsch auch direkt vor Ort an.<\/p><p>Gemeinsam finden wir eine passende L\u00f6sung f\u00fcr Ihr Projekt.<\/p>\t\t\t\t\t\t\t\t<\/div>\n\t\t\t\t<\/div>\n\t\t\t\t<div class=\"elementor-element elementor-element-562f4ad elementor-align-right elementor-widget__width-initial elementor-invisible elementor-widget elementor-widget-button\" data-id=\"562f4ad\" data-element_type=\"widget\" data-e-type=\"widget\" data-settings=\"{&quot;_animation&quot;:&quot;fadeInRight&quot;,&quot;_animation_delay&quot;:0,&quot;_animation_mobile&quot;:&quot;fadeInLeft&quot;}\" data-widget_type=\"button.default\">\n\t\t\t\t<div class=\"elementor-widget-container\">\n\t\t\t\t\t\t\t\t\t<div class=\"elementor-button-wrapper\">\n\t\t\t\t\t<a class=\"elementor-button elementor-button-link elementor-size-sm\" href=\"https:\/\/testumgebung.tca.studio-schnickschnack.de\/startseite\/kontakt\">\n\t\t\t\t\t\t<span class=\"elementor-button-content-wrapper\">\n\t\t\t\t\t\t\t\t\t<span class=\"elementor-button-text\">Kontakt<\/span>\n\t\t\t\t\t<\/span>\n\t\t\t\t\t<\/a>\n\t\t\t\t<\/div>\n\t\t\t\t\t\t\t\t<\/div>\n\t\t\t\t<\/div>\n\t\t\t\t<\/div>\n\t\t\t\t\t<\/div>\n\t\t\t\t<\/div>\n\t\t\t\t<\/div>\n\t\t","protected":false},"excerpt":{"rendered":"<p>Vord\u00e4cher &amp; \u00fcberdachungen Eine gute \u00dcberdachung sch\u00fctzt vor Wind und Wetter und kann gleichzeitig zum gestalterischen Element Ihres Geb\u00e4udes werden. Ob Terrasse, Hauseingang, Sitzplatz oder Parkbereich: Mit einer individuell geplanten Konstruktion aus Metall schaffen Sie zus\u00e4tzlichen Wetterschutz und setzen einen passenden Akzent. Terrassen\u00fcberdachungen Terrassen-\u00fcberdachungen Unsere Terrassen\u00fcberdachungen werden individuell aus verschiedenen Stahlprofilen gefertigt, sie kann frei [&hellip;]<\/p>\n","protected":false},"author":1,"featured_media":0,"parent":0,"menu_order":0,"comment_status":"closed","ping_status":"closed","template":"","meta":{"footnotes":""},"class_list":["post-552","page","type-page","status-publish","hentry"],"yoast_head":"<!-- This site is optimized with the Yoast SEO plugin v28.4 - https:\/\/yoast.com\/product\/yoast-seo-wordpress\/ -->\n<title>Vord\u00e4cher &amp; \u00dcberdachungen - TCa-Metallbau<\/title>\n<meta name=\"robots\" content=\"noindex, follow, max-snippet:-1, max-image-preview:large, max-video-preview:-1\" \/>\n<meta property=\"og:locale\" content=\"de_DE\" \/>\n<meta property=\"og:type\" content=\"article\" \/>\n<meta property=\"og:title\" content=\"Vord\u00e4cher &amp; \u00dcberdachungen - TCa-Metallbau\" \/>\n<meta property=\"og:description\" content=\"Vord\u00e4cher &amp; \u00fcberdachungen Eine gute \u00dcberdachung sch\u00fctzt vor Wind und Wetter und kann gleichzeitig zum gestalterischen Element Ihres Geb\u00e4udes werden. Ob Terrasse, Hauseingang, Sitzplatz oder Parkbereich: Mit einer individuell geplanten Konstruktion aus Metall schaffen Sie zus\u00e4tzlichen Wetterschutz und setzen einen passenden Akzent. Terrassen\u00fcberdachungen Terrassen-\u00fcberdachungen Unsere Terrassen\u00fcberdachungen werden individuell aus verschiedenen Stahlprofilen gefertigt, sie kann frei [&hellip;]\" \/>\n<meta property=\"og:url\" content=\"https:\/\/testumgebung.tca.studio-schnickschnack.de\/startseite\/vordaecher-ueberdachungen\" \/>\n<meta property=\"og:site_name\" content=\"TCa-Metallbau\" \/>\n<meta property=\"article:modified_time\" content=\"2026-09-03T23:09:00+00:00\" \/>\n<meta name=\"twitter:card\" content=\"summary_large_image\" \/>\n<meta name=\"twitter:label1\" content=\"Gesch\u00e4tzte Lesezeit\" \/>\n\t<meta name=\"twitter:data1\" content=\"2\u00a0Minuten\" \/>\n<script type=\"application\/ld+json\" class=\"yoast-schema-graph\">{\"@context\":\"https:\\\/\\\/schema.org\",\"@graph\":[{\"@type\":\"WebPage\",\"@id\":\"https:\\\/\\\/testumgebung.tca.studio-schnickschnack.de\\\/startseite\\\/vordaecher-ueberdachungen\",\"url\":\"https:\\\/\\\/testumgebung.tca.studio-schnickschnack.de\\\/startseite\\\/vordaecher-ueberdachungen\",\"name\":\"Vord\u00e4cher &amp; \u00dcberdachungen - TCa-Metallbau\",\"isPartOf\":{\"@id\":\"https:\\\/\\\/testumgebung.tca.studio-schnickschnack.de\\\/startseite\\\/#website\"},\"datePublished\":\"2026-08-24T16:55:00+00:00\",\"dateModified\":\"2026-09-03T23:09:00+00:00\",\"breadcrumb\":{\"@id\":\"https:\\\/\\\/testumgebung.tca.studio-schnickschnack.de\\\/startseite\\\/vordaecher-ueberdachungen#breadcrumb\"},\"inLanguage\":\"de\",\"potentialAction\":[{\"@type\":\"ReadAction\",\"target\":[\"https:\\\/\\\/testumgebung.tca.studio-schnickschnack.de\\\/startseite\\\/vordaecher-ueberdachungen\"]}]},{\"@type\":\"BreadcrumbList\",\"@id\":\"https:\\\/\\\/testumgebung.tca.studio-schnickschnack.de\\\/startseite\\\/vordaecher-ueberdachungen#breadcrumb\",\"itemListElement\":[{\"@type\":\"ListItem\",\"position\":1,\"name\":\"Startseite\",\"item\":\"https:\\\/\\\/testumgebung.tca.studio-schnickschnack.de\\\/startseite\\\/\"},{\"@type\":\"ListItem\",\"position\":2,\"name\":\"Vord\u00e4cher &amp; \u00dcberdachungen\"}]},{\"@type\":\"WebSite\",\"@id\":\"https:\\\/\\\/testumgebung.tca.studio-schnickschnack.de\\\/startseite\\\/#website\",\"url\":\"https:\\\/\\\/testumgebung.tca.studio-schnickschnack.de\\\/startseite\\\/\",\"name\":\"TCa-Metallbau\",\"description\":\"Starke Konstruktionen aus Metall\",\"publisher\":{\"@id\":\"https:\\\/\\\/testumgebung.tca.studio-schnickschnack.de\\\/startseite\\\/#organization\"},\"potentialAction\":[{\"@type\":\"SearchAction\",\"target\":{\"@type\":\"EntryPoint\",\"urlTemplate\":\"https:\\\/\\\/testumgebung.tca.studio-schnickschnack.de\\\/startseite\\\/?s={search_term_string}\"},\"query-input\":{\"@type\":\"PropertyValueSpecification\",\"valueRequired\":true,\"valueName\":\"search_term_string\"}}],\"inLanguage\":\"de\"},{\"@type\":\"Organization\",\"@id\":\"https:\\\/\\\/testumgebung.tca.studio-schnickschnack.de\\\/startseite\\\/#organization\",\"name\":\"TCa-Metallbau\",\"url\":\"https:\\\/\\\/testumgebung.tca.studio-schnickschnack.de\\\/startseite\\\/\",\"logo\":{\"@type\":\"ImageObject\",\"inLanguage\":\"de\",\"@id\":\"https:\\\/\\\/testumgebung.tca.studio-schnickschnack.de\\\/startseite\\\/#\\\/schema\\\/logo\\\/image\\\/\",\"url\":\"https:\\\/\\\/testumgebung.tca.studio-schnickschnack.de\\\/wp-content\\\/uploads\\\/2023\\\/03\\\/LOGO-TCa-querformat-blau-scaled.png\",\"contentUrl\":\"https:\\\/\\\/testumgebung.tca.studio-schnickschnack.de\\\/wp-content\\\/uploads\\\/2023\\\/03\\\/LOGO-TCa-querformat-blau-scaled.png\",\"width\":2560,\"height\":611,\"caption\":\"TCa-Metallbau\"},\"image\":{\"@id\":\"https:\\\/\\\/testumgebung.tca.studio-schnickschnack.de\\\/startseite\\\/#\\\/schema\\\/logo\\\/image\\\/\"}}]}<\/script>\n<!-- \/ Yoast SEO plugin. -->","yoast_head_json":{"title":"Vord\u00e4cher &amp; \u00dcberdachungen - TCa-Metallbau","robots":{"index":"noindex","follow":"follow","max-snippet":"max-snippet:-1","max-image-preview":"max-image-preview:large","max-video-preview":"max-video-preview:-1"},"og_locale":"de_DE","og_type":"article","og_title":"Vord\u00e4cher &amp; \u00dcberdachungen - TCa-Metallbau","og_description":"Vord\u00e4cher &amp; \u00fcberdachungen Eine gute \u00dcberdachung sch\u00fctzt vor Wind und Wetter und kann gleichzeitig zum gestalterischen Element Ihres Geb\u00e4udes werden. Ob Terrasse, Hauseingang, Sitzplatz oder Parkbereich: Mit einer individuell geplanten Konstruktion aus Metall schaffen Sie zus\u00e4tzlichen Wetterschutz und setzen einen passenden Akzent. Terrassen\u00fcberdachungen Terrassen-\u00fcberdachungen Unsere Terrassen\u00fcberdachungen werden individuell aus verschiedenen Stahlprofilen gefertigt, sie kann frei [&hellip;]","og_url":"https:\/\/testumgebung.tca.studio-schnickschnack.de\/startseite\/vordaecher-ueberdachungen","og_site_name":"TCa-Metallbau","article_modified_time":"2026-09-03T23:09:00+00:00","twitter_card":"summary_large_image","twitter_misc":{"Gesch\u00e4tzte Lesezeit":"2\u00a0Minuten"},"schema":{"@context":"https:\/\/schema.org","@graph":[{"@type":"WebPage","@id":"https:\/\/testumgebung.tca.studio-schnickschnack.de\/startseite\/vordaecher-ueberdachungen","url":"https:\/\/testumgebung.tca.studio-schnickschnack.de\/startseite\/vordaecher-ueberdachungen","name":"Vord\u00e4cher &amp; \u00dcberdachungen - TCa-Metallbau","isPartOf":{"@id":"https:\/\/testumgebung.tca.studio-schnickschnack.de\/startseite\/#website"},"datePublished":"2026-08-24T16:55:00+00:00","dateModified":"2026-09-03T23:09:00+00:00","breadcrumb":{"@id":"https:\/\/testumgebung.tca.studio-schnickschnack.de\/startseite\/vordaecher-ueberdachungen#breadcrumb"},"inLanguage":"de","potentialAction":[{"@type":"ReadAction","target":["https:\/\/testumgebung.tca.studio-schnickschnack.de\/startseite\/vordaecher-ueberdachungen"]}]},{"@type":"BreadcrumbList","@id":"https:\/\/testumgebung.tca.studio-schnickschnack.de\/startseite\/vordaecher-ueberdachungen#breadcrumb","itemListElement":[{"@type":"ListItem","position":1,"name":"Startseite","item":"https:\/\/testumgebung.tca.studio-schnickschnack.de\/startseite\/"},{"@type":"ListItem","position":2,"name":"Vord\u00e4cher &amp; \u00dcberdachungen"}]},{"@type":"WebSite","@id":"https:\/\/testumgebung.tca.studio-schnickschnack.de\/startseite\/#website","url":"https:\/\/testumgebung.tca.studio-schnickschnack.de\/startseite\/","name":"TCa-Metallbau","description":"Starke Konstruktionen aus Metall","publisher":{"@id":"https:\/\/testumgebung.tca.studio-schnickschnack.de\/startseite\/#organization"},"potentialAction":[{"@type":"SearchAction","target":{"@type":"EntryPoint","urlTemplate":"https:\/\/testumgebung.tca.studio-schnickschnack.de\/startseite\/?s={search_term_string}"},"query-input":{"@type":"PropertyValueSpecification","valueRequired":true,"valueName":"search_term_string"}}],"inLanguage":"de"},{"@type":"Organization","@id":"https:\/\/testumgebung.tca.studio-schnickschnack.de\/startseite\/#organization","name":"TCa-Metallbau","url":"https:\/\/testumgebung.tca.studio-schnickschnack.de\/startseite\/","logo":{"@type":"ImageObject","inLanguage":"de","@id":"https:\/\/testumgebung.tca.studio-schnickschnack.de\/startseite\/#\/schema\/logo\/image\/","url":"https:\/\/testumgebung.tca.studio-schnickschnack.de\/wp-content\/uploads\/2023\/03\/LOGO-TCa-querformat-blau-scaled.png","contentUrl":"https:\/\/testumgebung.tca.studio-schnickschnack.de\/wp-content\/uploads\/2023\/03\/LOGO-TCa-querformat-blau-scaled.png","width":2560,"height":611,"caption":"TCa-Metallbau"},"image":{"@id":"https:\/\/testumgebung.tca.studio-schnickschnack.de\/startseite\/#\/schema\/logo\/image\/"}}]}},"_links":{"self":[{"href":"https:\/\/testumgebung.tca.studio-schnickschnack.de\/startseite\/wp-json\/wp\/v2\/pages\/552","targetHints":{"allow":["GET"]}}],"collection":[{"href":"https:\/\/testumgebung.tca.studio-schnickschnack.de\/startseite\/wp-json\/wp\/v2\/pages"}],"about":[{"href":"https:\/\/testumgebung.tca.studio-schnickschnack.de\/startseite\/wp-json\/wp\/v2\/types\/page"}],"author":[{"embeddable":true,"href":"https:\/\/testumgebung.tca.studio-schnickschnack.de\/startseite\/wp-json\/wp\/v2\/users\/1"}],"replies":[{"embeddable":true,"href":"https:\/\/testumgebung.tca.studio-schnickschnack.de\/startseite\/wp-json\/wp\/v2\/comments?post=552"}],"version-history":[{"count":49,"href":"https:\/\/testumgebung.tca.studio-schnickschnack.de\/startseite\/wp-json\/wp\/v2\/pages\/552\/revisions"}],"predecessor-version":[{"id":1340,"href":"https:\/\/testumgebung.tca.studio-schnickschnack.de\/startseite\/wp-json\/wp\/v2\/pages\/552\/revisions\/1340"}],"wp:attachment":[{"href":"https:\/\/testumgebung.tca.studio-schnickschnack.de\/startseite\/wp-json\/wp\/v2\/media?parent=552"}],"curies":[{"name":"wp","href":"https:\/\/api.w.org\/{rel}","templated":true}]}}